{"id":4165,"date":"2023-12-12T14:18:37","date_gmt":"2023-12-12T17:18:37","guid":{"rendered":"https:\/\/termometroedh.proactivaresults.com\/home\/"},"modified":"2024-04-04T17:16:11","modified_gmt":"2024-04-04T20:16:11","slug":"home","status":"publish","type":"page","link":"https:\/\/termometroedh.proactivaresults.com\/es\/","title":{"rendered":"Home"},"content":{"rendered":"<!--themify_builder_content-->\n<div id=\"themify_builder_content-4165\" data-postid=\"4165\" class=\"themify_builder_content themify_builder_content-4165 themify_builder tf_clear\">\n    \t<!-- module_row -->\n\t<div  data-lazy=\"1\" class=\"module_row themify_builder_row fullcover tb_m2td570 tb_first tf_clearfix\" >\n\t    <div class=\"tb_row_frame_wrap tf_overflow tf_abs\" data-lazy=\"1\"><div class=\"tb_row_frame tb_row_frame_bottom  tf_abs tf_hide tf_overflow tf_w\"><\/div><\/div>\t\t<div class=\"row_inner col_align_top col-count-2 tf_box tf_w tf_rel\"  data-basecol=\"2\" data-col_tablet=\"column4-3-4-1\" data-col_tablet_landscape=\"column4-2\" data-col_mobile=\"column4-3-4-1\">\n\t\t\t<div  data-lazy=\"1\" class=\"module_column tb-column col4-2 first tb_1r0t571 tf_box\">\n\t\t\t    \t        <div class=\"tb-column-inner tf_box tf_w\">\n\t\t    <!-- module text -->\n<div  class=\"module module-text tb_ofw0571   \" data-lazy=\"1\">\n        <div  class=\"tb_text_wrap\">\n    <h1>Term\u00f3metro de Empresas y Derechos Humanos<\/h1>\n<h2>Herramienta de Autoevaluaci\u00f3n en L\u00ednea<\/h2>    <\/div>\n<\/div>\n<!-- \/module text --><!-- module buttons -->\n<div  class=\"module module-buttons tb_3nt2572 buttons-horizontal solid  circle\" data-lazy=\"1\">\n    \t<div class=\"module-buttons-item tf_inline_b\">\n\t\t\t\t\t\t\t<a href=\"#solicite-agora\" class=\"ui builder_button blue\"  id=\"btn-solicite\">\n\t\t\t\t\t\t\t\t\t\t\t<span class=\"tf_inline_b tf_vmiddle\">Solicitar ahora<\/span>\n\t\t\t\t\t\t\t\t\t\t\t<\/a>\n\t\t\t    \t<\/div>\n\t    \t<div class=\"module-buttons-item tf_inline_b\">\n\t\t\t\t\t\t\t<a href=\"#sobre-o-termometro\" class=\"ui builder_button tb_default_color\"  id=\"btn-saibamais\">\n\t\t\t\t\t\t\t\t\t\t\t<span class=\"tf_inline_b tf_vmiddle\">M\u00e1s informaciones<\/span>\n\t\t\t\t\t\t\t\t\t\t\t<\/a>\n\t\t\t    \t<\/div>\n\t<\/div>\n<!-- \/module buttons -->\n\t        <\/div>\n\t    \t<\/div>\n\t\t<div  data-lazy=\"1\" class=\"module_column tb-column col4-2 last tb_16up572 tf_box\">\n\t\t\t    \t<\/div>\n\t\t    <\/div>\n\t    <!-- \/row_inner -->\n\t<\/div>\n\t<!-- \/module_row -->\n\t\t<!-- module_row -->\n\t<div  data-anchor=\"sobre-o-termometro\" data-lazy=\"1\" class=\"module_row themify_builder_row tb_has_section tb_section-sobre-o-termometro tb_lewh528 tf_clearfix hide-tablet hide-tablet_landscape hide-mobile\" >\n\t    <div class=\"tb_row_frame_wrap tf_overflow tf_abs\" data-lazy=\"1\"><div class=\"tb_row_frame tb_row_frame_bottom  tf_abs tf_hide tf_overflow tf_w\"><\/div><\/div>\t\t<div class=\"row_inner col_align_top col-count-1 tf_box tf_w tf_rel\"  data-basecol=\"1\" data-col_tablet=\"column4-2\" data-col_tablet_landscape=\"column4-2\" data-col_mobile=\"column-full\">\n\t\t\t<div  data-lazy=\"1\" class=\"module_column tb-column col-full first tb_cibl529 tf_box\">\n\t\t\t    \t        <div class=\"tb-column-inner tf_box tf_w\">\n\t\t    <!-- module text -->\n<div  class=\"module module-text tb_mayd529   \" data-lazy=\"1\">\n        <div  class=\"tb_text_wrap\">\n    <h2><strong>Descubra el Term\u00f3metro de Empresas y Derechos Humanos de Proactiva<\/strong><\/h2>    <\/div>\n<\/div>\n<!-- \/module text -->\t<div  data-lazy=\"1\" class=\"module_subrow themify_builder_sub_row tb_r8p5529 tf_w tf_clearfix\">\n\t    \t\t<div class=\"subrow_inner col_align_top col-count-2 tf_box tf_w\"  data-basecol=\"2\" data-col_tablet=\"column4-2\" data-col_tablet_landscape=\"column4-2\" data-col_mobile=\"column-full\">\n\t\t\t<div  style=\"width: 39.16%\" data-lazy=\"1\" class=\"sub_column module_column tf_box col2-1 first tb_v54q529\" > \n\t    \t    \t        <div class=\"tb-column-inner tf_box tf_w\">\n\t\t    <!-- module image -->\n<div  class=\"module module-image tb_ozyx530 rounded  image-top tf_mw\" data-lazy=\"1\">\n        <div class=\"image-wrap tf_rel tf_mw\">\n\t\t    <img decoding=\"async\" loading=\"lazy\" src=\"https:\/\/termometroedh.proactivaresults.com\/wp-content\/uploads\/2023\/10\/img-exemplo-grafico-450x515.png\" width=\"450\" height=\"515\" class=\"wp-post-image wp-image-3854\" title=\"Home\" alt=\"Home\" srcset=\"https:\/\/termometroedh.proactivaresults.com\/wp-content\/uploads\/2023\/10\/img-exemplo-grafico-450x515.png 450w, https:\/\/termometroedh.proactivaresults.com\/wp-content\/uploads\/2023\/10\/img-exemplo-grafico-262x300.png 262w, https:\/\/termometroedh.proactivaresults.com\/wp-content\/uploads\/2023\/10\/img-exemplo-grafico.png 587w\" sizes=\"(max-width: 450px) 100vw, 450px\" \/>\t\n\t\t<\/div>\n\t<!-- \/image-wrap -->\n    \n    \t<\/div>\n<!-- \/module image -->\t        <\/div>\n\t    \t<\/div>\n\t\t<div  style=\"width: 57.64%\" data-lazy=\"1\" class=\"sub_column module_column tf_box col2-1 last tb_gyqn530\" > \n\t    \t    \t        <div class=\"tb-column-inner tf_box tf_w\">\n\t\t    <!-- module text -->\n<div  class=\"module module-text tb_7dtz530   \" data-lazy=\"1\">\n        <div  class=\"tb_text_wrap\">\n    <p>Proactiva ha desarrollado una herramienta con una metodolog\u00eda propia y estandarizada para ayudar a las empresas a llevar a cabo una autoevaluaci\u00f3n de su adhesi\u00f3n a las principales directrices en materia de responsabilidad corporativa en derechos humanos.<\/p>\n<p>Es una herramienta pr\u00e1ctica y r\u00e1pida que se encuentra completamente en l\u00ednea: los resultados se generan al instante y ofrecen un an\u00e1lisis preliminar para comprender el grado de implementaci\u00f3n de la debida diligencia en derechos humanos en su empresa.<\/p>\n<h3><strong>\u00bfPor qu\u00e9 utilizar el Term\u00f3metro de Proactiva sobre Empresas y Derechos Humanos? <\/strong><\/h3>\n<ul>\n<li style=\"color: #c49955; font-weight: 600;\"> Preguntas orientadas hacia las mejores pr\u00e1cticas internacionales<\/li>\n<li style=\"color: #c49955; font-weight: 600;\"> Inputs para comprender la debida diligencia en derechos humanos<\/li>\n<li style=\"color: #c49955; font-weight: 600;\"> Genera resultados al instante<\/li>\n<li style=\"color: #c49955; font-weight: 600;\"> Herramienta en l\u00ednea, r\u00e1pida y pr\u00e1ctica<\/li>\n<li style=\"color: #c49955; font-weight: 600;\"> F\u00e1cil visualizaci\u00f3n de resultados<\/li>\n<\/ul>    <\/div>\n<\/div>\n<!-- \/module text -->\t        <\/div>\n\t    \t<\/div>\n\t\t    <\/div>\n\t<\/div><!-- \/themify_builder_sub_row -->\n\t\t        <\/div>\n\t    \t<\/div>\n\t\t    <\/div>\n\t    <!-- \/row_inner -->\n\t<\/div>\n\t<!-- \/module_row -->\n\t\t<!-- module_row -->\n\t<div  data-anchor=\"empresas-e-direitos-humanos\" data-lazy=\"1\" class=\"module_row themify_builder_row repeat tb_has_section tb_section-empresas-e-direitos-humanos tb_em6n570 tf_clearfix hide-desktop\" >\n\t    <div class=\"tb_row_frame_wrap tf_overflow tf_abs\" data-lazy=\"1\"><div class=\"tb_row_frame tb_row_frame_bottom  tf_abs tf_hide tf_overflow tf_w\"><\/div><\/div>\t\t<div class=\"row_inner col_align_top col-count-1 tf_box tf_w tf_rel\">\n\t\t\t<div  data-lazy=\"1\" class=\"module_column tb-column col-full first tb_0sog579 tf_box\">\n\t\t\t    \t        <div class=\"tb-column-inner tf_box tf_w\">\n\t\t    <!-- module text -->\n<div  class=\"module module-text tb_9pes420   \" data-lazy=\"1\">\n        <div  class=\"tb_text_wrap\">\n    <h2><strong>Descubra el Term\u00f3metro de Empresas y Derechos Humanos de Proactiva<\/strong><\/h2>\n    <\/div>\n<\/div>\n<!-- \/module text --><!-- module image -->\n<div  class=\"module module-image tb_upq5421 rounded  image-center tf_mw\" data-lazy=\"1\">\n        <div class=\"image-wrap tf_rel tf_mw\">\n\t\t    <img decoding=\"async\" loading=\"lazy\" src=\"https:\/\/termometroedh.proactivaresults.com\/wp-content\/uploads\/2023\/10\/img-exemplo-grafico-450x515.png\" width=\"450\" height=\"515\" class=\"wp-post-image wp-image-3854\" title=\"Home\" alt=\"Home\" srcset=\"https:\/\/termometroedh.proactivaresults.com\/wp-content\/uploads\/2023\/10\/img-exemplo-grafico-450x515.png 450w, https:\/\/termometroedh.proactivaresults.com\/wp-content\/uploads\/2023\/10\/img-exemplo-grafico-262x300.png 262w, https:\/\/termometroedh.proactivaresults.com\/wp-content\/uploads\/2023\/10\/img-exemplo-grafico.png 587w\" sizes=\"(max-width: 450px) 100vw, 450px\" \/>\t\n\t\t<\/div>\n\t<!-- \/image-wrap -->\n    \n    \t<\/div>\n<!-- \/module image --><!-- module text -->\n<div  class=\"module module-text tb_2b86421   \" data-lazy=\"1\">\n        <div  class=\"tb_text_wrap\">\n    <p>Proactiva ha desarrollado una herramienta con una metodolog\u00eda propia y estandarizada para ayudar a las empresas a llevar a cabo una autoevaluaci\u00f3n de su adhesi\u00f3n a las principales directrices en materia de responsabilidad corporativa en derechos humanos.<\/p>\n<p>Es una herramienta pr\u00e1ctica y r\u00e1pida que se encuentra completamente en l\u00ednea: los resultados se generan al instante y ofrecen un an\u00e1lisis preliminar para comprender el grado de implementaci\u00f3n de la debida diligencia en derechos humanos en su empresa.<\/p>\n<h3><strong>\u00bfPor qu\u00e9 utilizar el Term\u00f3metro de Proactiva sobre Empresas y Derechos Humanos? <\/strong><\/h3>\n<ul>\n<li style=\"color: #c49955; font-weight: 600;\"> Preguntas orientadas hacia las mejores pr\u00e1cticas internacionales<\/li>\n<li style=\"color: #c49955; font-weight: 600;\"> Inputs para comprender la debida diligencia en derechos humanos<\/li>\n<li style=\"color: #c49955; font-weight: 600;\"> Genera resultados al instante<\/li>\n<li style=\"color: #c49955; font-weight: 600;\"> Herramienta en l\u00ednea, r\u00e1pida y pr\u00e1ctica<\/li>\n<li style=\"color: #c49955; font-weight: 600;\"> F\u00e1cil visualizaci\u00f3n de resultados<\/li>\n<\/ul>    <\/div>\n<\/div>\n<!-- \/module text -->\t        <\/div>\n\t    \t<\/div>\n\t\t    <\/div>\n\t    <!-- \/row_inner -->\n\t<\/div>\n\t<!-- \/module_row -->\n\t\t<!-- module_row -->\n\t<div  data-anchor=\"sobre-o-termometro\" data-lazy=\"1\" class=\"module_row themify_builder_row repeat tb_has_section tb_section-sobre-o-termometro tb_f3jp97 tf_clearfix\" >\n\t    <div class=\"tb_row_frame_wrap tf_overflow tf_abs\" data-lazy=\"1\"><div class=\"tb_row_frame tb_row_frame_bottom  tf_abs tf_hide tf_overflow tf_w\"><\/div><\/div>\t\t<div class=\"row_inner col_align_top col-count-4 tf_box tf_w tf_rel\"  data-basecol=\"4\" data-col_tablet=\"column-full\" data-col_tablet_landscape=\"column-full\" data-col_mobile=\"column-full\">\n\t\t\t<div  data-lazy=\"1\" style=\"width: 15.98%\" class=\"module_column tb-column col4-1 first tb_ygms97 tf_box\">\n\t\t\t    \t<\/div>\n\t\t<div  data-lazy=\"1\" style=\"width: 26.98%\" class=\"module_column tb-column col4-1 second tb_kur897 repeat tf_box\">\n\t\t\t    \t        <div class=\"tb-column-inner tf_box tf_w\">\n\t\t    \t<div  data-lazy=\"1\" class=\"module_subrow themify_builder_sub_row tb_8y3697 tf_w tf_clearfix\">\n\t    \t\t<div class=\"subrow_inner col_align_top col-count-1 tf_box tf_w\">\n\t\t\t<div  data-lazy=\"1\" class=\"sub_column module_column tf_box col-full first tb_ckky97\" > \n\t    \t    \t        <div class=\"tb-column-inner tf_box tf_w\">\n\t\t    <!-- module image -->\n<div  class=\"module module-image tb_083197 rounded  image-center tf_mw\" data-lazy=\"1\">\n        <div class=\"image-wrap tf_rel tf_mw\">\n\t\t    <img decoding=\"async\" loading=\"lazy\" src=\"https:\/\/termometroedh.proactivaresults.com\/wp-content\/uploads\/2023\/12\/trilha-capa-723x1024-250x353.jpeg\" width=\"250\" height=\"353\" class=\"wp-post-image wp-image-3956\" title=\"Home\" alt=\"Home\" srcset=\"https:\/\/termometroedh.proactivaresults.com\/wp-content\/uploads\/2023\/12\/trilha-capa-723x1024-250x353.jpeg 250w, https:\/\/termometroedh.proactivaresults.com\/wp-content\/uploads\/2023\/12\/trilha-capa-212x300.jpeg 212w, https:\/\/termometroedh.proactivaresults.com\/wp-content\/uploads\/2023\/12\/trilha-capa-723x1024.jpeg 723w, https:\/\/termometroedh.proactivaresults.com\/wp-content\/uploads\/2023\/12\/trilha-capa-768x1087.jpeg 768w, https:\/\/termometroedh.proactivaresults.com\/wp-content\/uploads\/2023\/12\/trilha-capa-600x850.jpeg 600w, https:\/\/termometroedh.proactivaresults.com\/wp-content\/uploads\/2023\/12\/trilha-capa.jpeg 904w\" sizes=\"(max-width: 250px) 100vw, 250px\" \/>\t\n\t\t<\/div>\n\t<!-- \/image-wrap -->\n    \n    \t<\/div>\n<!-- \/module image -->\t        <\/div>\n\t    \t<\/div>\n\t\t    <\/div>\n\t<\/div><!-- \/themify_builder_sub_row -->\n\t\t        <\/div>\n\t    \t<\/div>\n\t\t<div  data-lazy=\"1\" style=\"width: 38.88%\" class=\"module_column tb-column col4-1 third tb_s73n97 tf_box\">\n\t\t\t    \t        <div class=\"tb-column-inner tf_box tf_w\">\n\t\t    <!-- module text -->\n<div  class=\"module module-text tb_08fu97  repeat \" data-lazy=\"1\">\n        <div  class=\"tb_text_wrap\">\n    <h3><a class=\"tf_popup\" href=\"#themify-popup-3964\"><img decoding=\"async\" loading=\"lazy\" class=\"alignnone size-full wp-image-1988\" style=\"float: left; margin-right: 10px;\" src=\"\/wp-content\/uploads\/2023\/01\/icon_report.png\" alt=\"\" width=\"50\" height=\"50\">Acesse o Relat\u00f3rio de Resultados do Term\u00f4metro na Trilha de Direitos Humanos 2023 do Pacto Global<\/a><\/h3>    <\/div>\n<\/div>\n<!-- \/module text -->\t        <\/div>\n\t    \t<\/div>\n\t\t<div  data-lazy=\"1\" style=\"width: 8.56%\" class=\"module_column tb-column col4-1 last tb_xoab99 tf_box\">\n\t\t\t    \t<\/div>\n\t\t    <\/div>\n\t    <!-- \/row_inner -->\n\t<\/div>\n\t<!-- \/module_row -->\n\t\t<!-- module_row -->\n\t<div  data-anchor=\"empresas-e-direitos-humanos\" data-lazy=\"1\" class=\"module_row themify_builder_row repeat tb_has_section tb_section-empresas-e-direitos-humanos tb_mn4h849 tf_clearfix\" >\n\t    \t\t<div class=\"row_inner col_align_top col-count-1 tf_box tf_w tf_rel\">\n\t\t\t<div  data-lazy=\"1\" class=\"module_column tb-column col-full first tb_43wv851 tf_box\">\n\t\t\t    \t        <div class=\"tb-column-inner tf_box tf_w\">\n\t\t    <!-- module text -->\n<div  class=\"module module-text tb_byoe851   \" data-lazy=\"1\">\n        <div  class=\"tb_text_wrap\">\n    <h2>Comprenda m\u00e1s acerca del respeto a los derechos humanos en las empresas<\/h2>\n<p style=\"padding-top:20px!important;\"><iframe loading=\"lazy\" title=\"YouTube video player\" src=\"https:\/\/www.youtube.com\/embed\/nNd5HETpNpo?si=htRKFe3UPA-0vsHQ\" width=\"853\" height=\"480\" frameborder=\"0\" allowfullscreen=\"allowfullscreen\"><\/iframe><\/p>\n<p>Las empresas tienen la responsabilidad de supervisar los derechos humanos reconocidos internacionalmente, tanto en sus propias operaciones como en sus cadenas de valor.<\/p>\n<p>Directrices y est\u00e1ndares ampliamente reconocidos por la comunidad internacional, como los Principios Rectores de las Naciones Unidas sobre Empresas y Derechos Humanos y las Directrices de la OCDE para Empresas Multinacionales, establecen que las empresas deben comprometerse p\u00fablicamente a respetar los derechos humanos e implementar un proceso continuo de debida diligencia en derechos humanos destinado a identificar, prevenir y mitigar los riesgos y efectos sobre los derechos humanos.<\/p>\n<p>De acuerdo con las directrices mencionadas anteriormente, el <strong>Term\u00f3metro de Derechos Humanos<\/strong> presenta preguntas estandarizadas sobre:<\/p>\n    <\/div>\n<\/div>\n<!-- \/module text -->\t<div  data-lazy=\"1\" class=\"module_subrow themify_builder_sub_row repeat tb_8wih851 hide-desktop hide-tablet hide-tablet_landscape hide-mobile hide-on-stick tf_w tf_clearfix\">\n\t    \t\t<div class=\"subrow_inner col_align_top gutter-none col-count-2 tf_box tf_w\"  data-basecol=\"2\" data-col_tablet=\"column3-1\" data-col_tablet_landscape=\"column3-1\" data-col_mobile=\"column-full\">\n\t\t\t<div  data-lazy=\"1\" class=\"sub_column module_column tf_box col4-2 first tb_kfqj851\" > \n\t    \t    \t        <div class=\"tb-column-inner tf_box tf_w\">\n\t\t    <!-- module text -->\n<div  class=\"module module-text tb_iquj851   \" data-lazy=\"1\">\n        <div  class=\"tb_text_wrap\">\n    <h2>Comprenda m\u00e1s acerca del respeto a los derechos humanos en las empresas<\/h2>\n<p>Las empresas tienen la responsabilidad de supervisar los derechos humanos reconocidos internacionalmente, tanto en sus propias operaciones como en sus cadenas de valor.<\/p>\n<p>Directrices y est\u00e1ndares ampliamente reconocidos por la comunidad internacional, como los Principios Rectores de las Naciones Unidas sobre Empresas y Derechos Humanos y las Directrices de la OCDE para Empresas Multinacionales, establecen que las empresas deben comprometerse p\u00fablicamente a respetar los derechos humanos e implementar un proceso continuo de debida diligencia en derechos humanos destinado a identificar, prevenir y mitigar los riesgos y efectos sobre los derechos humanos.<\/p>\n<p>De acuerdo con las directrices mencionadas anteriormente, el <strong>Term\u00f3metro de Derechos Humanos<\/strong> presenta preguntas estandarizadas sobre:<\/p>    <\/div>\n<\/div>\n<!-- \/module text -->\t        <\/div>\n\t    \t<\/div>\n\t\t<div  data-lazy=\"1\" class=\"sub_column module_column tf_box col4-2 last tb_z99e851 repeat\" > \n\t    \t    \t        <div class=\"tb-column-inner tf_box tf_w\">\n\t\t    <!-- module video -->\n<div  class=\"module module-video tb_5jht851 video-top  \" data-lazy=\"1\" data-url=\"https:\/\/www.youtube.com\/watch?v=nNd5HETpNpo\">\n    \t\t\t\t<div class=\"video-wrap-outer\">\n\t\t\t<div class=\"video-wrap tf_rel tf_overflow\">\n\t\t\t\t\t\t\t<\/div>\n\t\t\t<!-- \/video-wrap -->\n\t\t<\/div>\n\t\t<!-- \/video-wrap-outer -->\n\t\t\t<\/div>\n\t        <\/div>\n\t    \t<\/div>\n\t\t    <\/div>\n\t<\/div><!-- \/themify_builder_sub_row -->\n\t\t<div  data-lazy=\"1\" class=\"module_subrow themify_builder_sub_row repeat tb_rs05851 tf_w tf_clearfix\">\n\t    \t\t<div class=\"subrow_inner col_align_top gutter-none col-count-3 tf_box tf_w\"  data-basecol=\"3\" data-col_tablet=\"column3-1\" data-col_tablet_landscape=\"column3-1\" data-col_mobile=\"column-full\">\n\t\t\t<div  data-lazy=\"1\" class=\"sub_column module_column tf_box col3-1 first tb_n6mo851\" > \n\t    \t    \t        <div class=\"tb-column-inner tf_box tf_w\">\n\t\t    <!-- module icon -->\n<div  class=\"module module-icon tb_4fyz851  large circle icon_horizontal \" data-lazy=\"1\">\n    \t    <div class=\"module-icon-item tf_inline_b\">\n\t\t\t\t\t\t\t\t\t\t\t\t\t\t\t\t\t<em class=\"ui tf_vmiddle tf_textc tf_box \" style=\"background-color: #405c89;color: #edf3ff\"><svg  aria-hidden=\"true\" class=\"tf_fa tf-fas-file-alt\"><use href=\"#tf-fas-file-alt\"><\/use><\/svg><\/em>\n\t\t\t\t\t\t\t\t\t\t\t\t\t\t\t\t    <\/div>\n\t<\/div>\n<!-- \/module icon -->\n<!-- module image -->\n<div  class=\"module module-image tb_lgd7852   image-top tf_mw\" data-lazy=\"1\">\n        <div class=\"image-wrap tf_rel tf_mw\">\n\t\t    \t\n\t\t<\/div>\n\t<!-- \/image-wrap -->\n    \n    \t<div class=\"image-content\">\n\t    \t\t\t<h3 class=\"image-title\">\n\t\t\t\t\t\t\t\t\tCompromiso con respetar a los derechos humanos \t\t\t\t\t\t\t<\/h3>\n\t    \n\t    \t\t<div class=\"image-caption tb_text_wrap\">\n\t\t    Creaci\u00f3n, aprobaci\u00f3n y difusi\u00f3n de la pol\u00edtica de derechos humanos \t    <\/div>\n\t    <!-- \/image-caption -->\n\t    \t<\/div>\n\t<!-- \/image-content -->\n    \t<\/div>\n<!-- \/module image -->\t        <\/div>\n\t    \t<\/div>\n\t\t<div  data-lazy=\"1\" class=\"sub_column module_column tf_box col3-1 middle tb_qt4e852\" > \n\t    \t    \t        <div class=\"tb-column-inner tf_box tf_w\">\n\t\t    <!-- module icon -->\n<div  class=\"module module-icon tb_ov3j852  large circle icon_horizontal \" data-lazy=\"1\">\n    \t    <div class=\"module-icon-item tf_inline_b\">\n\t\t\t\t\t\t\t\t\t\t\t\t\t\t\t\t\t<em class=\"ui tf_vmiddle tf_textc tf_box \" style=\"background-color: #405c89;color: #edf3ff\"><svg  aria-hidden=\"true\" class=\"tf_fa tf-fas-sync-alt\"><use href=\"#tf-fas-sync-alt\"><\/use><\/svg><\/em>\n\t\t\t\t\t\t\t\t\t\t\t\t\t\t\t\t    <\/div>\n\t<\/div>\n<!-- \/module icon -->\n<!-- module image -->\n<div  class=\"module module-image tb_rqth852 circle  image-top tf_mw\" data-lazy=\"1\">\n        <div class=\"image-wrap tf_rel tf_mw\">\n\t\t    \t\n\t\t<\/div>\n\t<!-- \/image-wrap -->\n    \n    \t<div class=\"image-content\">\n\t    \t\t\t<h3 class=\"image-title\">\n\t\t\t\t\t\t\t\t\tDebida diligencia en derechos humanos en las operaciones de la empresa\t\t\t\t\t\t\t<\/h3>\n\t    \n\t    \t\t<div class=\"image-caption tb_text_wrap\">\n\t\t    Identificaci\u00f3n y evaluaci\u00f3n de riesgos e impactos en los derechos humanos, seguimiento e integraci\u00f3n de resultados y medidas de prevenci\u00f3n y mitigaci\u00f3n dirigidas a las actividades de la empresa. \t    <\/div>\n\t    <!-- \/image-caption -->\n\t    \t<\/div>\n\t<!-- \/image-content -->\n    \t<\/div>\n<!-- \/module image -->\t        <\/div>\n\t    \t<\/div>\n\t\t<div  data-lazy=\"1\" class=\"sub_column module_column tf_box col3-1 last tb_xott852\" > \n\t    \t    \t        <div class=\"tb-column-inner tf_box tf_w\">\n\t\t    <!-- module icon -->\n<div  class=\"module module-icon tb_thad853  large circle icon_horizontal \" data-lazy=\"1\">\n    \t    <div class=\"module-icon-item tf_inline_b\">\n\t\t\t\t\t\t\t\t\t\t\t\t\t\t\t\t\t<em class=\"ui tf_vmiddle tf_textc tf_box \" style=\"background-color: #405c89;color: #edf3ff\"><svg  aria-hidden=\"true\" class=\"tf_fa tf-fas-sitemap\"><use href=\"#tf-fas-sitemap\"><\/use><\/svg><\/em>\n\t\t\t\t\t\t\t\t\t\t\t\t\t\t\t\t    <\/div>\n\t<\/div>\n<!-- \/module icon -->\n<!-- module image -->\n<div  class=\"module module-image tb_4yy9853   image-top tf_mw\" data-lazy=\"1\">\n        <div class=\"image-wrap tf_rel tf_mw\">\n\t\t    \t\n\t\t<\/div>\n\t<!-- \/image-wrap -->\n    \n    \t<div class=\"image-content\">\n\t    \t\t\t<h3 class=\"image-title\">\n\t\t\t\t\t\t\t\t\tDebida diligencia en derechos humanos en la cadena de suministro\t\t\t\t\t\t\t<\/h3>\n\t    \n\t    \t\t<div class=\"image-caption tb_text_wrap\">\n\t\t    Identificaci\u00f3n y evaluaci\u00f3n de riesgos e impactos en los derechos humanos, seguimiento e integraci\u00f3n de resultados y medidas de prevenci\u00f3n y mitigaci\u00f3n dirigidas a la cadena de suministro. \t    <\/div>\n\t    <!-- \/image-caption -->\n\t    \t<\/div>\n\t<!-- \/image-content -->\n    \t<\/div>\n<!-- \/module image -->\t        <\/div>\n\t    \t<\/div>\n\t\t    <\/div>\n\t<\/div><!-- \/themify_builder_sub_row -->\n\t\t<div  data-lazy=\"1\" class=\"module_subrow themify_builder_sub_row repeat tb_y8k4853 tf_w tf_clearfix\">\n\t    \t\t<div class=\"subrow_inner col_align_top gutter-none col-count-3 tf_box tf_w\"  data-basecol=\"3\" data-col_tablet=\"column3-1\" data-col_tablet_landscape=\"column3-1\">\n\t\t\t<div  data-lazy=\"1\" class=\"sub_column module_column tf_box col3-1 first tb_mn9g853\" > \n\t    \t    \t        <div class=\"tb-column-inner tf_box tf_w\">\n\t\t    <!-- module icon -->\n<div  class=\"module module-icon tb_0t5b853  large circle icon_horizontal \" data-lazy=\"1\">\n    \t    <div class=\"module-icon-item tf_inline_b\">\n\t\t\t\t\t\t\t\t\t\t\t\t\t\t\t\t\t<em class=\"ui tf_vmiddle tf_textc tf_box \" style=\"background-color: #405c89;color: #edf3ff\"><svg  aria-hidden=\"true\" class=\"tf_fa tf-fas-comments\"><use href=\"#tf-fas-comments\"><\/use><\/svg><\/em>\n\t\t\t\t\t\t\t\t\t\t\t\t\t\t\t\t    <\/div>\n\t<\/div>\n<!-- \/module icon -->\n<!-- module image -->\n<div  class=\"module module-image tb_ccnb853   image-top tf_mw\" data-lazy=\"1\">\n        <div class=\"image-wrap tf_rel tf_mw\">\n\t\t    \t\n\t\t<\/div>\n\t<!-- \/image-wrap -->\n    \n    \t<div class=\"image-content\">\n\t    \t\t\t<h3 class=\"image-title\">\n\t\t\t\t\t\t\t\t\tMecanismos de reclamaci\u00f3n\t\t\t\t\t\t\t<\/h3>\n\t    \n\t    \t\t<div class=\"image-caption tb_text_wrap\">\n\t\t    Criterios para evaluar la efectividad de los mecanismos en la recepci\u00f3n y gesti\u00f3n de manifestaciones y reclamaciones de las partes interesadas potencialmente afectadas. \t    <\/div>\n\t    <!-- \/image-caption -->\n\t    \t<\/div>\n\t<!-- \/image-content -->\n    \t<\/div>\n<!-- \/module image -->\t        <\/div>\n\t    \t<\/div>\n\t\t<div  data-lazy=\"1\" class=\"sub_column module_column tf_box col3-1 middle tb_oruj853\" > \n\t    \t    \t        <div class=\"tb-column-inner tf_box tf_w\">\n\t\t    <!-- module icon -->\n<div  class=\"module module-icon tb_c2yq853  large circle icon_horizontal \" data-lazy=\"1\">\n    \t    <div class=\"module-icon-item tf_inline_b\">\n\t\t\t\t\t\t\t\t\t\t\t\t\t\t\t\t\t<em class=\"ui tf_vmiddle tf_textc tf_box \" style=\"background-color: #405c89;color: #edf3ff\"><svg  aria-hidden=\"true\" class=\"tf_fa tf-fas-exclamation-circle\"><use href=\"#tf-fas-exclamation-circle\"><\/use><\/svg><\/em>\n\t\t\t\t\t\t\t\t\t\t\t\t\t\t\t\t    <\/div>\n\t<\/div>\n<!-- \/module icon -->\n<!-- module image -->\n<div  class=\"module module-image tb_hy60853   image-top tf_mw\" data-lazy=\"1\">\n        <div class=\"image-wrap tf_rel tf_mw\">\n\t\t    \t\n\t\t<\/div>\n\t<!-- \/image-wrap -->\n    \n    \t<div class=\"image-content\">\n\t    \t\t\t<h3 class=\"image-title\">\n\t\t\t\t\t\t\t\t\tAsuntos cr\u00edticos de derechos humanos: trabajo decente\t\t\t\t\t\t\t<\/h3>\n\t    \n\t    \t\t<div class=\"image-caption tb_text_wrap\">\n\t\t    Gesti\u00f3n de asuntos cr\u00edticos de derechos humanos relacionados con la agenda del trabajo decente, como los riesgos de trabajo infantil y esclavo, igualdad e inclusi\u00f3n, salarios justos, salud ocupacional, incluyendo la salud mental.\t    <\/div>\n\t    <!-- \/image-caption -->\n\t    \t<\/div>\n\t<!-- \/image-content -->\n    \t<\/div>\n<!-- \/module image -->\t        <\/div>\n\t    \t<\/div>\n\t\t<div  data-lazy=\"1\" class=\"sub_column module_column tf_box col3-1 last tb_ityf854\" > \n\t    \t    \t        <div class=\"tb-column-inner tf_box tf_w\">\n\t\t    <!-- module icon -->\n<div  class=\"module module-icon tb_9n5p854  large circle icon_horizontal \" data-lazy=\"1\">\n    \t    <div class=\"module-icon-item tf_inline_b\">\n\t\t\t\t\t\t\t\t\t\t\t\t\t\t\t\t\t<em class=\"ui tf_vmiddle tf_textc tf_box \" style=\"background-color: #405c89;color: #edf3ff\"><svg  aria-hidden=\"true\" class=\"tf_fa tf-fas-exclamation-circle\"><use href=\"#tf-fas-exclamation-circle\"><\/use><\/svg><\/em>\n\t\t\t\t\t\t\t\t\t\t\t\t\t\t\t\t    <\/div>\n\t<\/div>\n<!-- \/module icon -->\n<!-- module image -->\n<div  class=\"module module-image tb_pfyu854   image-top tf_mw\" data-lazy=\"1\">\n        <div class=\"image-wrap tf_rel tf_mw\">\n\t\t    \t\n\t\t<\/div>\n\t<!-- \/image-wrap -->\n    \n    \t<div class=\"image-content\">\n\t    \t\t\t<h3 class=\"image-title\">\n\t\t\t\t\t\t\t\t\tOtros asuntos cr\u00edticos de derechos humanos \t\t\t\t\t\t\t<\/h3>\n\t    \n\t    \t\t<div class=\"image-caption tb_text_wrap\">\n\t\t    Gesti\u00f3n de otros asuntos cr\u00edticos como impactos en comunidades locales, ind\u00edgenas y tradicionales, impactos ambientales que pueden afectar los derechos humanos, incluyendo el acceso al agua, cambio clim\u00e1tico, \u00e9tica y anticorrupci\u00f3n. \t    <\/div>\n\t    <!-- \/image-caption -->\n\t    \t<\/div>\n\t<!-- \/image-content -->\n    \t<\/div>\n<!-- \/module image -->\t        <\/div>\n\t    \t<\/div>\n\t\t    <\/div>\n\t<\/div><!-- \/themify_builder_sub_row -->\n\t\t        <\/div>\n\t    \t<\/div>\n\t\t    <\/div>\n\t    <!-- \/row_inner -->\n\t<\/div>\n\t<!-- \/module_row -->\n\t\t<!-- module_row -->\n\t<div  data-anchor=\"a-proactiva\" data-lazy=\"1\" class=\"module_row themify_builder_row tb_has_section tb_section-a-proactiva tb_47uw570 tf_clearfix\" >\n\t    <div class=\"tb_row_frame_wrap tf_overflow tf_abs\" data-lazy=\"1\"><div class=\"tb_row_frame tb_row_frame_top  tf_abs tf_hide tf_overflow tf_w\"><\/div><\/div>\t\t<div class=\"row_inner col_align_middle col-count-2 tf_box tf_w tf_rel\"  data-basecol=\"2\" data-col_tablet=\"column4-2\" data-col_tablet_landscape=\"column4-2\">\n\t\t\t<div  data-lazy=\"1\" class=\"module_column tb-column col4-2 first tb_amt7595 tf_box\">\n\t\t\t    \t        <div class=\"tb-column-inner tf_box tf_w\">\n\t\t    <!-- module text -->\n<div  class=\"module module-text tb_bdqp595   \" data-lazy=\"1\">\n        <div  class=\"tb_text_wrap\">\n    <h2>Conozca a Proactiva<\/h2>\n<p>Asesoramiento estrat\u00e9gico en ESG y Empresas y Derechos Humanos, activo en Brasil y Am\u00e9rica Latina. Proactiva ha apoyado a empresas nacionales y multinacionales en diversos sectores, como el agroindustrial, la miner\u00eda, la pulpa y el papel, la infraestructura, la energ\u00eda, entre otros, en sus estrategias de sostenibilidad.<\/p>\n<p><a href=\"http:\/\/proactivaresults.com\" target=\"_blank\" rel=\"noopener\">Visite nuestro sitio web y obtenga m\u00e1s informaciones sobre nuestros servicios.<\/a><\/p>\n<p><a href=\"https:\/\/www.linkedin.com\/company\/11818220\/\" target=\"_blank\" rel=\"noopener\">Siga a Proactiva en LinkedIn<\/a><\/p>    <\/div>\n<\/div>\n<!-- \/module text -->\t        <\/div>\n\t    \t<\/div>\n\t\t<div  data-lazy=\"1\" class=\"module_column tb-column col4-2 last tb_4z52597 repeat tf_box\">\n\t\t\t    \t        <div class=\"tb-column-inner tf_box tf_w\">\n\t\t    <!-- module image -->\n<div  class=\"module module-image tb_5xmu598   image-left tf_mw\" data-lazy=\"1\">\n        <div class=\"image-wrap tf_rel tf_mw\">\n\t\t    \t\n\t\t<\/div>\n\t<!-- \/image-wrap -->\n    \n    \t<div class=\"image-content\">\n\t    \t\t\t<h3 class=\"image-title\">\n\t\t\t\t\t\t\t\t\tProfesionales cualificados\t\t\t\t\t\t\t<\/h3>\n\t    \n\t    \t\t<div class=\"image-caption tb_text_wrap\">\n\t\t    Nuestros profesionales cuentan con experiencia en el \u00e1mbito corporativo y en el terreno, tanto en Brasil como a nivel internacional. En el \u00e1rea de Empresas y Derechos Humanos, han respaldado a varias empresas nacionales y multinacionales en la creaci\u00f3n y difusi\u00f3n de pol\u00edticas de derechos humanos, implementaci\u00f3n de debida diligencia, evaluaci\u00f3n de impacto, identificaci\u00f3n de riesgos en derechos humanos, as\u00ed como en el desarrollo de mecanismos de reclamaci\u00f3n y reparaci\u00f3n. \t    <\/div>\n\t    <!-- \/image-caption -->\n\t    \t<\/div>\n\t<!-- \/image-content -->\n    \t<\/div>\n<!-- \/module image --><!-- module image -->\n<div  class=\"module module-image tb_wkdm599   image-left tf_mw\" data-lazy=\"1\">\n        <div class=\"image-wrap tf_rel tf_mw\">\n\t\t    \t\n\t\t<\/div>\n\t<!-- \/image-wrap -->\n    \n    \t<div class=\"image-content\">\n\t    \t\t\t<h3 class=\"image-title\">\n\t\t\t\t\t\t\t\t\tMejores pr\u00e1cticas\t\t\t\t\t\t\t<\/h3>\n\t    \n\t    \t\t<div class=\"image-caption tb_text_wrap\">\n\t\t    Apoyamos el \u00e9xito de nuestros clientes en entornos empresariales complejos de manera personalizada.\t    <\/div>\n\t    <!-- \/image-caption -->\n\t    \t<\/div>\n\t<!-- \/image-content -->\n    \t<\/div>\n<!-- \/module image -->\t        <\/div>\n\t    \t<\/div>\n\t\t    <\/div>\n\t    <!-- \/row_inner -->\n\t<\/div>\n\t<!-- \/module_row -->\n\t\t<!-- module_row -->\n\t<div  data-anchor=\"solicite-agora\" data-lazy=\"1\" class=\"module_row themify_builder_row repeat tb_has_section tb_section-solicite-agora tb_0jx9570 tf_clearfix\" >\n\t    <div class=\"tb_row_frame_wrap tf_overflow tf_abs\" data-lazy=\"1\"><div class=\"tb_row_frame tb_row_frame_top  tf_abs tf_hide tf_overflow tf_w\"><\/div><\/div>\t\t<div class=\"row_inner col_align_middle col-count-2 tf_box tf_w tf_rel\"  data-basecol=\"2\" data-col_tablet=\"column4-2\" data-col_tablet_landscape=\"column4-2\" data-col_mobile=\"column-full\">\n\t\t\t<div  data-lazy=\"1\" class=\"module_column tb-column col4-2 first tb_nopv600 repeat tf_box\">\n\t\t\t    \t        <div class=\"tb-column-inner tf_box tf_w\">\n\t\t    \t<div  data-lazy=\"1\" class=\"module_subrow themify_builder_sub_row tb_ta24600 tf_w tf_clearfix\">\n\t    \t\t<div class=\"subrow_inner col_align_top col-count-1 tf_box tf_w\">\n\t\t\t<div  data-lazy=\"1\" class=\"sub_column module_column tf_box col-full first tb_d6y3601\"> \n\t    \t    \t        <div class=\"tb-column-inner tf_box tf_w\">\n\t\t    <!-- module contact -->\n<div  id=\"tb_hzp3601\" class=\"module module-contact tb_hzp3601 contact-style1 \" data-lazy=\"1\">\n    \n\t<form action=\"https:\/\/termometroedh.proactivaresults.com\/wp-admin\/admin-ajax.php\"\n\t\tclass=\"builder-contact\"\n\t\tid=\"tb_hzp3601-form\"\n\t\tmethod=\"post\"\n\t\tdata-post-id=\"4165\"\n\t\tdata-element-id=\"hzp3601\"\n\t\tdata-orig-id=\"4165\"\n\t>\n    <div class=\"contact-message\"><\/div>\n\t<div class=\"builder-contact-fields tf_rel\">\n\t\t    \t\t    <div class=\"builder-contact-field builder-contact-field-name builder-contact-text-field\">\n\t\t\t    <label class=\"control-label\" for=\"tb_hzp3601-contact-name\"><span class=\"tb-label-span\">Su nombre <\/span><span class=\"required\">*<\/span><\/label>\n\t\t\t    <div class=\"control-input tf_rel\">\n\t\t\t\t    \t\t\t\t\t    <input type=\"text\" name=\"contact-name\" placeholder=\"\" id=\"tb_hzp3601-contact-name\" value=\"\" class=\"form-control\" required>\n\t\t\t\t    \t\t\t\t    \t\t\t    <\/div>\n\t\t<\/div>\n\t    \n\t\t    \t\t    <div class=\"builder-contact-field builder-contact-field-email builder-contact-text-field\">\n\t\t\t    <label class=\"control-label\" for=\"tb_hzp3601-contact-email\"><span class=\"tb-label-span\">Su correo electr\u00f3nico <\/span><span class=\"required\">*<\/span><\/label>\n\t\t\t    <div class=\"control-input tf_rel\">\n\t\t\t\t    \t\t\t\t\t    <input type=\"text\" name=\"contact-email\" placeholder=\"\" id=\"tb_hzp3601-contact-email\" value=\"\" class=\"form-control\" required>\n\t\t\t\t    \t\t\t\t    \t\t\t    <\/div>\n\t\t<\/div>\n\t    \n\t\t    \t\t    \t\t    <div class=\"builder-contact-field builder-contact-field-extra builder-contact-text-field builder-contact-tel-field\">\n\t\t\t\t<label class=\"control-label\" for=\"field_extra_tb_hzp3601_0\">\n\t\t\t\t\tTelefone\t\t\t\t\t\t\t\t\t\t\t<input type=\"hidden\" name=\"field_extra_name_0\" value=\"Telefone\">\n\t\t\t\t\t\t\t\t\t\t\t<span class=\"required\">*<\/span>\n\t\t\t\t\t\t\t\t\t<\/label>\n\t\t\t\t<div class=\"control-input tf_rel\">\n\t\t\t\t\t\t\t\t\t\t\t<input type=\"tel\" name=\"field_extra_0\" id=\"field_extra_tb_hzp3601_0\" placeholder=\"\" class=\"form-control\" required>\n\t\t\t\t\t\n\t\t\t\t\t\t\t\t\t<\/div>\n\t\t    <\/div>\n\t    \n\t\t    \t\t    \t\t    <div class=\"builder-contact-field builder-contact-field-extra builder-contact-text-field\">\n\t\t\t\t<label class=\"control-label\" for=\"field_extra_tb_hzp3601_1\">\n\t\t\t\t\tNome da empresa\t\t\t\t\t\t\t\t\t\t\t<input type=\"hidden\" name=\"field_extra_name_1\" value=\"Nome da empresa\">\n\t\t\t\t\t\t\t\t\t\t\t<span class=\"required\">*<\/span>\n\t\t\t\t\t\t\t\t\t<\/label>\n\t\t\t\t<div class=\"control-input tf_rel\">\n\t\t\t\t\t\t\t\t\t\t\t<input type=\"text\" name=\"field_extra_1\" id=\"field_extra_tb_hzp3601_1\" placeholder=\"\" class=\"form-control\" required>\n\t\t\t\t\t\n\t\t\t\t\t\t\t\t\t<\/div>\n\t\t    <\/div>\n\t    \n\t\t    \t\t    <div class=\"builder-contact-field builder-contact-field-message builder-contact-textarea-field\">\n\t\t\t    <label class=\"control-label\" for=\"tb_hzp3601-contact-message\"><span class=\"tb-label-span\">Mensaje <\/span><span class=\"required\">*<\/span><\/label>\n\t\t\t    <div class=\"control-input tf_rel\">\n\t\t\t\t    \t\t\t\t\t    <textarea name=\"contact-message\" placeholder=\"\" id=\"tb_hzp3601-contact-message\" class=\"form-control\" required><\/textarea>\n\t\t\t\t    \t\t\t\t    \t\t\t    <\/div>\n\t\t<\/div>\n\t    \n\t\t    \t\t    \t\t    <div class=\"builder-contact-field builder-contact-field-extra builder-contact-text-field builder-contact-tel-field\">\n\t\t\t\t<label class=\"control-label\" for=\"field_extra_tb_hzp3601_2\">\n\t\t\t\t\tCNPJ\t\t\t\t\t\t\t\t\t\t\t<input type=\"hidden\" name=\"field_extra_name_2\" value=\"CNPJ\">\n\t\t\t\t\t\t\t\t\t\t\t<span class=\"required\">*<\/span>\n\t\t\t\t\t\t\t\t\t<\/label>\n\t\t\t\t<div class=\"control-input tf_rel\">\n\t\t\t\t\t\t\t\t\t\t\t<input type=\"tel\" name=\"field_extra_2\" id=\"field_extra_tb_hzp3601_2\" placeholder=\"\" class=\"form-control\" required>\n\t\t\t\t\t\n\t\t\t\t\t\t\t\t\t<\/div>\n\t\t    <\/div>\n\t    \n\t\t    \t\t    \t\t    <div class=\"builder-contact-field builder-contact-field-extra builder-contact-text-field\">\n\t\t\t\t<label class=\"control-label\" for=\"field_extra_tb_hzp3601_3\">\n\t\t\t\t\tSua empresa est\u00e1 participando de alguma iniciativa (Pacto Global, CEBDS, Samarco, Petrobr\u00e1s, etc)? Indique abaixo:\t\t\t\t\t\t\t\t\t\t\t<input type=\"hidden\" name=\"field_extra_name_3\" value=\"Sua empresa est\u00e1 participando de alguma iniciativa (Pacto Global, CEBDS, Samarco, Petrobr\u00e1s, etc)? Indique abaixo:\">\n\t\t\t\t\t\t\t\t\t\t\t<span class=\"required\">*<\/span>\n\t\t\t\t\t\t\t\t\t<\/label>\n\t\t\t\t<div class=\"control-input tf_rel\">\n\t\t\t\t\t\t\t\t\t\t\t<input type=\"text\" name=\"field_extra_3\" id=\"field_extra_tb_hzp3601_3\" placeholder=\"\" class=\"form-control\" required>\n\t\t\t\t\t\n\t\t\t\t\t\t\t\t\t<\/div>\n\t\t    <\/div>\n\t    \n\t\t    \n\t\t\n\t\t\n\t    \t    <div class=\"builder-contact-field builder-contact-field-send control-input tf_textl tf_clear tf_rel\">\n\t\t\t<button type=\"submit\" class=\"btn btn-primary\"><span class=\"tf_loader\"><\/span>Enviar<\/button>\n\t    <\/div>\n\t<\/div>\n    <\/form>\n\n    <\/div>\n<!-- \/module contact -->\n\t        <\/div>\n\t    \t<\/div>\n\t\t    <\/div>\n\t<\/div><!-- \/themify_builder_sub_row -->\n\t\t        <\/div>\n\t    \t<\/div>\n\t\t<div  data-lazy=\"1\" class=\"module_column tb-column col4-2 last tb_9zmt602 tf_box\">\n\t\t\t    \t        <div class=\"tb-column-inner tf_box tf_w\">\n\t\t    <!-- module text -->\n<div  class=\"module module-text tb_z2gy602   \" data-lazy=\"1\">\n        <div  class=\"tb_text_wrap\">\n    <h2>Para solicitar su acceso al Term\u00f3metro de Empresas y Derechos Humanos (EDH)<\/h2>\n<p>Solo env\u00edenos los datos (lateral izquierdo) para ponernos en contacto con usted y aclarar sus dudas, ayud\u00e1ndole a acceder a nuestra herramienta.<\/p>    <\/div>\n<\/div>\n<!-- \/module text --><!-- module feature -->\n<div  class=\"module module-feature tb_wjdn603 no-chart layout-icon-left size-custom \" data-layout-mobile=\"icon-top\" data-layout-desktop=\"icon-left\" data-lazy=\"1\">\n        <div class=\"module-feature-image tf_textc tf_rel\">\n\t\t\t\t\t\t\t<span class=\"module-feature-chart-html5 tf_box tf_rel tf_inline_b\" style=\"width:60px;height:60px;background-color:#0f75bc\">\n\t\t\t\t\t\t\t<span class=\"chart-html5-circle tf_w tf_h\">\n\t\t\t\t\t\t\t\t\t\t\t\t\t\t\t\t\t\t<em class=\"module-feature-icon tf_rel\" style=\"color:#ffffff\"><svg  aria-hidden=\"true\" class=\"tf_fa tf-ti-comments\"><use href=\"#tf-ti-comments\"><\/use><\/svg><\/em>\n\t\t\t\t\t\t\t\t\t\t\t\t\t\t\t<\/span>\n\n\t\t\t\t\n\t\t\t<\/span>\n\t\t\t    <\/div>\n    <div class=\"module-feature-content tf_textc\">\n\t\t\t\t\t<h3 class=\"module-feature-title\">\n\t\t\t\t\t\t\tEnv\u00edenos un mensaje\t\t\t\t\t\t<\/h3>\n\t\t\t\t\t<div class=\"tb_text_wrap\">\n\t\t\t<p>termometroedh@proactivaresults.com<\/p>\t\t<\/div>\n    <\/div>\n<\/div>\n<!-- \/module feature -->\n<!-- module feature -->\n<div  class=\"module module-feature tb_8m1a603 no-chart layout-icon-left size-custom \" data-layout-mobile=\"icon-top\" data-layout-desktop=\"icon-left\" data-lazy=\"1\">\n        <div class=\"module-feature-image tf_textc tf_rel\">\n\t\t\t\t\t\t\t<span class=\"module-feature-chart-html5 tf_box tf_rel tf_inline_b\" style=\"width:60px;height:60px;background-color:#0f75bc\">\n\t\t\t\t\t\t\t<span class=\"chart-html5-circle tf_w tf_h\">\n\t\t\t\t\t\t\t\t\t\t\t\t\t\t\t\t\t\t<em class=\"module-feature-icon tf_rel\" style=\"color:#ffffff\"><svg  aria-hidden=\"true\" class=\"tf_fa tf-ti-direction-alt\"><use href=\"#tf-ti-direction-alt\"><\/use><\/svg><\/em>\n\t\t\t\t\t\t\t\t\t\t\t\t\t\t\t<\/span>\n\n\t\t\t\t\n\t\t\t<\/span>\n\t\t\t    <\/div>\n    <div class=\"module-feature-content tf_textc\">\n\t\t\t\t\t<h3 class=\"module-feature-title\">\n\t\t\t\t\t\t\tNuestras direcciones\t\t\t\t\t\t<\/h3>\n\t\t\t\t\t<div class=\"tb_text_wrap\">\n\t\t\t<p>Sao Paulo, R\u00edo de Janeiro, Curitiba<\/p>\t\t<\/div>\n    <\/div>\n<\/div>\n<!-- \/module feature -->\n\t        <\/div>\n\t    \t<\/div>\n\t\t    <\/div>\n\t    <!-- \/row_inner -->\n\t<\/div>\n\t<!-- \/module_row -->\n\t<\/div>\n<!--\/themify_builder_content-->\n","protected":false},"excerpt":{"rendered":"<p>Term\u00f3metro de Empresas y Derechos Humanos Herramienta de Autoevaluaci\u00f3n en L\u00ednea<\/p>\n","protected":false},"author":2,"featured_media":0,"parent":0,"menu_order":0,"comment_status":"closed","ping_status":"closed","template":"","meta":[],"_links":{"self":[{"href":"https:\/\/termometroedh.proactivaresults.com\/es\/wp-json\/wp\/v2\/pages\/4165"}],"collection":[{"href":"https:\/\/termometroedh.proactivaresults.com\/es\/wp-json\/wp\/v2\/pages"}],"about":[{"href":"https:\/\/termometroedh.proactivaresults.com\/es\/wp-json\/wp\/v2\/types\/page"}],"author":[{"embeddable":true,"href":"https:\/\/termometroedh.proactivaresults.com\/es\/wp-json\/wp\/v2\/users\/2"}],"replies":[{"embeddable":true,"href":"https:\/\/termometroedh.proactivaresults.com\/es\/wp-json\/wp\/v2\/comments?post=4165"}],"version-history":[{"count":4,"href":"https:\/\/termometroedh.proactivaresults.com\/es\/wp-json\/wp\/v2\/pages\/4165\/revisions"}],"predecessor-version":[{"id":4190,"href":"https:\/\/termometroedh.proactivaresults.com\/es\/wp-json\/wp\/v2\/pages\/4165\/revisions\/4190"}],"wp:attachment":[{"href":"https:\/\/termometroedh.proactivaresults.com\/es\/wp-json\/wp\/v2\/media?parent=4165"}],"curies":[{"name":"wp","href":"https:\/\/api.w.org\/{rel}","templated":true}]}}